{"id":70,"date":"2022-05-02T16:21:26","date_gmt":"2022-05-02T14:21:26","guid":{"rendered":"https:\/\/devmultisite.superfesch.at\/hlw-rodaun\/?page_id=70"},"modified":"2025-08-31T18:01:52","modified_gmt":"2025-08-31T16:01:52","slug":"wofuer-wir-stehen","status":"publish","type":"page","link":"https:\/\/www.stachristiana.at\/volksschule-wiener-neustadt\/wofuer-wir-stehen\/","title":{"rendered":"Wof\u00fcr wir stehen"},"content":{"rendered":"\n<figure class=\"wp-block-image size-full is-resized\"><img loading=\"lazy\" decoding=\"async\" width=\"640\" height=\"481\" src=\"https:\/\/www.stachristiana.at\/app\/uploads\/sites\/10\/2025\/05\/l10-1.jpg\" alt=\"\" class=\"wp-image-7892\" style=\"width:580px;height:auto\" srcset=\"https:\/\/www.stachristiana.at\/app\/uploads\/sites\/10\/2025\/05\/l10-1.jpg 640w, https:\/\/www.stachristiana.at\/app\/uploads\/sites\/10\/2025\/05\/l10-1-400x301.jpg 400w, https:\/\/www.stachristiana.at\/app\/uploads\/sites\/10\/2025\/05\/l10-1-612x460.jpg 612w, https:\/\/www.stachristiana.at\/app\/uploads\/sites\/10\/2025\/05\/l10-1-100x75.jpg 100w\" sizes=\"auto, (max-width: 640px) 100vw, 640px\" \/><\/figure>\n\n\n\n<p class=\"has-text-align-left\"><\/p>\n\n\n\n<p class=\"has-text-align-left\">Der christliche Glaube, ist Grundlage unserer T\u00e4tigkeit.<br><br>Wir nehmen einander mit all unseren M\u00f6glichkeiten und Grenzen an und sind bestrebt,<br>eine Atmosph\u00e4re der Einfachheit, des Vertrauens, der gegenseitigen Achtung und<br>Offenheit zu schaffen.<\/p>\n\n\n\n<p class=\"has-text-align-left\">Fundierte Wissensvermittlung, Lernbetreuung, attraktive Freizeitgestaltung,<br>in einem famili\u00e4ren Umfeld, ist unser Beitrag f\u00fcr eine positive Entwicklung der Kinder.<\/p>\n\n\n\n<figure class=\"wp-block-image size-full is-resized\"><img loading=\"lazy\" decoding=\"async\" width=\"900\" height=\"400\" src=\"https:\/\/www.stachristiana.at\/app\/uploads\/sites\/10\/2023\/01\/Wofuer-wir-stehen_web.jpg\" alt=\"\" class=\"wp-image-601\" style=\"width:887px;height:auto\" srcset=\"https:\/\/www.stachristiana.at\/app\/uploads\/sites\/10\/2023\/01\/Wofuer-wir-stehen_web.jpg 900w, https:\/\/www.stachristiana.at\/app\/uploads\/sites\/10\/2023\/01\/Wofuer-wir-stehen_web-400x178.jpg 400w, https:\/\/www.stachristiana.at\/app\/uploads\/sites\/10\/2023\/01\/Wofuer-wir-stehen_web-768x341.jpg 768w, https:\/\/www.stachristiana.at\/app\/uploads\/sites\/10\/2023\/01\/Wofuer-wir-stehen_web-890x396.jpg 890w, https:\/\/www.stachristiana.at\/app\/uploads\/sites\/10\/2023\/01\/Wofuer-wir-stehen_web-169x75.jpg 169w\" sizes=\"auto, (max-width: 900px) 100vw, 900px\" \/><\/figure>\n\n\n\n<p><\/p>\n","protected":false},"excerpt":{"rendered":"<p>Der christliche Glaube, ist Grundlage unserer T\u00e4tigkeit. Wir nehmen einander mit all unseren M\u00f6glichkeiten und Grenzen an und sind bestrebt,eine Atmosph\u00e4re der Einfachheit, des Vertrauens, der gegenseitigen Achtung undOffenheit zu schaffen. Fundierte Wissensvermittlung, Lernbetreuung, attraktive Freizeitgestaltung,in einem famili\u00e4ren Umfeld, ist unser Beitrag f\u00fcr eine positive Entwicklung der Kinder.<\/p>\n","protected":false},"author":1,"featured_media":0,"parent":0,"menu_order":100,"comment_status":"closed","ping_status":"closed","template":"","meta":{"footnotes":""},"class_list":["post-70","page","type-page","status-publish","hentry"],"acf":[],"yoast_head":"<!-- This site is optimized with the Yoast SEO plugin v26.8 - https:\/\/yoast.com\/product\/yoast-seo-wordpress\/ -->\n<title>Wof\u00fcr wir stehen - Volksschule Wr. Neustadt<\/title>\n<meta name=\"robots\" content=\"index, follow, max-snippet:-1, max-image-preview:large, max-video-preview:-1\" \/>\n<link rel=\"canonical\" href=\"https:\/\/www.stachristiana.at\/volksschule-wiener-neustadt\/wofuer-wir-stehen\/\" \/>\n<meta property=\"og:locale\" content=\"de_DE\" \/>\n<meta property=\"og:type\" content=\"article\" \/>\n<meta property=\"og:title\" content=\"Wof\u00fcr wir stehen - Volksschule Wr. Neustadt\" \/>\n<meta property=\"og:description\" content=\"Der christliche Glaube, ist Grundlage unserer T\u00e4tigkeit. Wir nehmen einander mit all unseren M\u00f6glichkeiten und Grenzen an und sind bestrebt,eine Atmosph\u00e4re der Einfachheit, des Vertrauens, der gegenseitigen Achtung undOffenheit zu schaffen. Fundierte Wissensvermittlung, Lernbetreuung, attraktive Freizeitgestaltung,in einem famili\u00e4ren Umfeld, ist unser Beitrag f\u00fcr eine positive Entwicklung der Kinder.\" \/>\n<meta property=\"og:url\" content=\"https:\/\/www.stachristiana.at\/volksschule-wiener-neustadt\/wofuer-wir-stehen\/\" \/>\n<meta property=\"og:site_name\" content=\"Volksschule Wr. Neustadt\" \/>\n<meta property=\"article:modified_time\" content=\"2025-08-31T16:01:52+00:00\" \/>\n<meta property=\"og:image\" content=\"https:\/\/www.stachristiana.at\/app\/uploads\/sites\/10\/2025\/05\/l10-1.jpg\" \/>\n\t<meta property=\"og:image:width\" content=\"640\" \/>\n\t<meta property=\"og:image:height\" content=\"481\" \/>\n\t<meta property=\"og:image:type\" content=\"image\/jpeg\" \/>\n<meta name=\"twitter:card\" content=\"summary_large_image\" \/>\n<meta name=\"twitter:label1\" content=\"Gesch\u00e4tzte Lesezeit\" \/>\n\t<meta name=\"twitter:data1\" content=\"1\u00a0Minute\" \/>\n<script type=\"application\/ld+json\" class=\"yoast-schema-graph\">{\"@context\":\"https:\/\/schema.org\",\"@graph\":[{\"@type\":\"WebPage\",\"@id\":\"https:\/\/www.stachristiana.at\/volksschule-wiener-neustadt\/wofuer-wir-stehen\/\",\"url\":\"https:\/\/www.stachristiana.at\/volksschule-wiener-neustadt\/wofuer-wir-stehen\/\",\"name\":\"Wof\u00fcr wir stehen - Volksschule Wr. Neustadt\",\"isPartOf\":{\"@id\":\"https:\/\/www.stachristiana.at\/volksschule-wiener-neustadt\/#website\"},\"primaryImageOfPage\":{\"@id\":\"https:\/\/www.stachristiana.at\/volksschule-wiener-neustadt\/wofuer-wir-stehen\/#primaryimage\"},\"image\":{\"@id\":\"https:\/\/www.stachristiana.at\/volksschule-wiener-neustadt\/wofuer-wir-stehen\/#primaryimage\"},\"thumbnailUrl\":\"https:\/\/www.stachristiana.at\/app\/uploads\/sites\/10\/2025\/05\/l10-1.jpg\",\"datePublished\":\"2022-05-02T14:21:26+00:00\",\"dateModified\":\"2025-08-31T16:01:52+00:00\",\"breadcrumb\":{\"@id\":\"https:\/\/www.stachristiana.at\/volksschule-wiener-neustadt\/wofuer-wir-stehen\/#breadcrumb\"},\"inLanguage\":\"de\",\"potentialAction\":[{\"@type\":\"ReadAction\",\"target\":[\"https:\/\/www.stachristiana.at\/volksschule-wiener-neustadt\/wofuer-wir-stehen\/\"]}]},{\"@type\":\"ImageObject\",\"inLanguage\":\"de\",\"@id\":\"https:\/\/www.stachristiana.at\/volksschule-wiener-neustadt\/wofuer-wir-stehen\/#primaryimage\",\"url\":\"https:\/\/www.stachristiana.at\/app\/uploads\/sites\/10\/2025\/05\/l10-1.jpg\",\"contentUrl\":\"https:\/\/www.stachristiana.at\/app\/uploads\/sites\/10\/2025\/05\/l10-1.jpg\"},{\"@type\":\"BreadcrumbList\",\"@id\":\"https:\/\/www.stachristiana.at\/volksschule-wiener-neustadt\/wofuer-wir-stehen\/#breadcrumb\",\"itemListElement\":[{\"@type\":\"ListItem\",\"position\":1,\"name\":\"Start\",\"item\":\"https:\/\/www.stachristiana.at\/\"},{\"@type\":\"ListItem\",\"position\":2,\"name\":\"Wof\u00fcr wir stehen\"}]},{\"@type\":\"WebSite\",\"@id\":\"https:\/\/www.stachristiana.at\/volksschule-wiener-neustadt\/#website\",\"url\":\"https:\/\/www.stachristiana.at\/volksschule-wiener-neustadt\/\",\"name\":\"Sta. Christiana - Private Volksschule Wr. Neustadt\",\"description\":\"Sta. Christiana - Schulen zum Leben\",\"publisher\":{\"@id\":\"https:\/\/www.stachristiana.at\/volksschule-wiener-neustadt\/#organization\"},\"alternateName\":\"Private Volksschule Wr. Neustadt\",\"potentialAction\":[{\"@type\":\"SearchAction\",\"target\":{\"@type\":\"EntryPoint\",\"urlTemplate\":\"https:\/\/www.stachristiana.at\/volksschule-wiener-neustadt\/?s={search_term_string}\"},\"query-input\":{\"@type\":\"PropertyValueSpecification\",\"valueRequired\":true,\"valueName\":\"search_term_string\"}}],\"inLanguage\":\"de\"},{\"@type\":\"Organization\",\"@id\":\"https:\/\/www.stachristiana.at\/volksschule-wiener-neustadt\/#organization\",\"name\":\"Sta. Christiana - Private Volksschule Wr. Neustadt\",\"alternateName\":\"Private Volksschule Wr. Neustadt\",\"url\":\"https:\/\/www.stachristiana.at\/volksschule-wiener-neustadt\/\",\"logo\":{\"@type\":\"ImageObject\",\"inLanguage\":\"de\",\"@id\":\"https:\/\/www.stachristiana.at\/volksschule-wiener-neustadt\/#\/schema\/logo\/image\/\",\"url\":\"https:\/\/www.stachristiana.at\/app\/uploads\/sites\/10\/2022\/05\/logo-sta-christiana.png\",\"contentUrl\":\"https:\/\/www.stachristiana.at\/app\/uploads\/sites\/10\/2022\/05\/logo-sta-christiana.png\",\"width\":1200,\"height\":491,\"caption\":\"Sta. Christiana - Private Volksschule Wr. Neustadt\"},\"image\":{\"@id\":\"https:\/\/www.stachristiana.at\/volksschule-wiener-neustadt\/#\/schema\/logo\/image\/\"}}]}<\/script>\n<!-- \/ Yoast SEO plugin. -->","yoast_head_json":{"title":"Wof\u00fcr wir stehen - Volksschule Wr. Neustadt","robots":{"index":"index","follow":"follow","max-snippet":"max-snippet:-1","max-image-preview":"max-image-preview:large","max-video-preview":"max-video-preview:-1"},"canonical":"https:\/\/www.stachristiana.at\/volksschule-wiener-neustadt\/wofuer-wir-stehen\/","og_locale":"de_DE","og_type":"article","og_title":"Wof\u00fcr wir stehen - Volksschule Wr. Neustadt","og_description":"Der christliche Glaube, ist Grundlage unserer T\u00e4tigkeit. Wir nehmen einander mit all unseren M\u00f6glichkeiten und Grenzen an und sind bestrebt,eine Atmosph\u00e4re der Einfachheit, des Vertrauens, der gegenseitigen Achtung undOffenheit zu schaffen. Fundierte Wissensvermittlung, Lernbetreuung, attraktive Freizeitgestaltung,in einem famili\u00e4ren Umfeld, ist unser Beitrag f\u00fcr eine positive Entwicklung der Kinder.","og_url":"https:\/\/www.stachristiana.at\/volksschule-wiener-neustadt\/wofuer-wir-stehen\/","og_site_name":"Volksschule Wr. Neustadt","article_modified_time":"2025-08-31T16:01:52+00:00","og_image":[{"width":640,"height":481,"url":"https:\/\/www.stachristiana.at\/app\/uploads\/sites\/10\/2025\/05\/l10-1.jpg","type":"image\/jpeg"}],"twitter_card":"summary_large_image","twitter_misc":{"Gesch\u00e4tzte Lesezeit":"1\u00a0Minute"},"schema":{"@context":"https:\/\/schema.org","@graph":[{"@type":"WebPage","@id":"https:\/\/www.stachristiana.at\/volksschule-wiener-neustadt\/wofuer-wir-stehen\/","url":"https:\/\/www.stachristiana.at\/volksschule-wiener-neustadt\/wofuer-wir-stehen\/","name":"Wof\u00fcr wir stehen - Volksschule Wr. Neustadt","isPartOf":{"@id":"https:\/\/www.stachristiana.at\/volksschule-wiener-neustadt\/#website"},"primaryImageOfPage":{"@id":"https:\/\/www.stachristiana.at\/volksschule-wiener-neustadt\/wofuer-wir-stehen\/#primaryimage"},"image":{"@id":"https:\/\/www.stachristiana.at\/volksschule-wiener-neustadt\/wofuer-wir-stehen\/#primaryimage"},"thumbnailUrl":"https:\/\/www.stachristiana.at\/app\/uploads\/sites\/10\/2025\/05\/l10-1.jpg","datePublished":"2022-05-02T14:21:26+00:00","dateModified":"2025-08-31T16:01:52+00:00","breadcrumb":{"@id":"https:\/\/www.stachristiana.at\/volksschule-wiener-neustadt\/wofuer-wir-stehen\/#breadcrumb"},"inLanguage":"de","potentialAction":[{"@type":"ReadAction","target":["https:\/\/www.stachristiana.at\/volksschule-wiener-neustadt\/wofuer-wir-stehen\/"]}]},{"@type":"ImageObject","inLanguage":"de","@id":"https:\/\/www.stachristiana.at\/volksschule-wiener-neustadt\/wofuer-wir-stehen\/#primaryimage","url":"https:\/\/www.stachristiana.at\/app\/uploads\/sites\/10\/2025\/05\/l10-1.jpg","contentUrl":"https:\/\/www.stachristiana.at\/app\/uploads\/sites\/10\/2025\/05\/l10-1.jpg"},{"@type":"BreadcrumbList","@id":"https:\/\/www.stachristiana.at\/volksschule-wiener-neustadt\/wofuer-wir-stehen\/#breadcrumb","itemListElement":[{"@type":"ListItem","position":1,"name":"Start","item":"https:\/\/www.stachristiana.at\/"},{"@type":"ListItem","position":2,"name":"Wof\u00fcr wir stehen"}]},{"@type":"WebSite","@id":"https:\/\/www.stachristiana.at\/volksschule-wiener-neustadt\/#website","url":"https:\/\/www.stachristiana.at\/volksschule-wiener-neustadt\/","name":"Sta. Christiana - Private Volksschule Wr. Neustadt","description":"Sta. Christiana - Schulen zum Leben","publisher":{"@id":"https:\/\/www.stachristiana.at\/volksschule-wiener-neustadt\/#organization"},"alternateName":"Private Volksschule Wr. Neustadt","potentialAction":[{"@type":"SearchAction","target":{"@type":"EntryPoint","urlTemplate":"https:\/\/www.stachristiana.at\/volksschule-wiener-neustadt\/?s={search_term_string}"},"query-input":{"@type":"PropertyValueSpecification","valueRequired":true,"valueName":"search_term_string"}}],"inLanguage":"de"},{"@type":"Organization","@id":"https:\/\/www.stachristiana.at\/volksschule-wiener-neustadt\/#organization","name":"Sta. Christiana - Private Volksschule Wr. Neustadt","alternateName":"Private Volksschule Wr. Neustadt","url":"https:\/\/www.stachristiana.at\/volksschule-wiener-neustadt\/","logo":{"@type":"ImageObject","inLanguage":"de","@id":"https:\/\/www.stachristiana.at\/volksschule-wiener-neustadt\/#\/schema\/logo\/image\/","url":"https:\/\/www.stachristiana.at\/app\/uploads\/sites\/10\/2022\/05\/logo-sta-christiana.png","contentUrl":"https:\/\/www.stachristiana.at\/app\/uploads\/sites\/10\/2022\/05\/logo-sta-christiana.png","width":1200,"height":491,"caption":"Sta. Christiana - Private Volksschule Wr. Neustadt"},"image":{"@id":"https:\/\/www.stachristiana.at\/volksschule-wiener-neustadt\/#\/schema\/logo\/image\/"}}]}},"_links":{"self":[{"href":"https:\/\/www.stachristiana.at\/volksschule-wiener-neustadt\/wp-json\/wp\/v2\/pages\/70","targetHints":{"allow":["GET"]}}],"collection":[{"href":"https:\/\/www.stachristiana.at\/volksschule-wiener-neustadt\/wp-json\/wp\/v2\/pages"}],"about":[{"href":"https:\/\/www.stachristiana.at\/volksschule-wiener-neustadt\/wp-json\/wp\/v2\/types\/page"}],"author":[{"embeddable":true,"href":"https:\/\/www.stachristiana.at\/volksschule-wiener-neustadt\/wp-json\/wp\/v2\/users\/1"}],"replies":[{"embeddable":true,"href":"https:\/\/www.stachristiana.at\/volksschule-wiener-neustadt\/wp-json\/wp\/v2\/comments?post=70"}],"version-history":[{"count":11,"href":"https:\/\/www.stachristiana.at\/volksschule-wiener-neustadt\/wp-json\/wp\/v2\/pages\/70\/revisions"}],"predecessor-version":[{"id":8022,"href":"https:\/\/www.stachristiana.at\/volksschule-wiener-neustadt\/wp-json\/wp\/v2\/pages\/70\/revisions\/8022"}],"wp:attachment":[{"href":"https:\/\/www.stachristiana.at\/volksschule-wiener-neustadt\/wp-json\/wp\/v2\/media?parent=70"}],"curies":[{"name":"wp","href":"https:\/\/api.w.org\/{rel}","templated":true}]}}