{"id":17,"date":"2022-05-01T11:48:18","date_gmt":"2022-05-01T09:48:18","guid":{"rendered":"https:\/\/devmultisite.superfesch.at\/dummy\/?page_id=17"},"modified":"2026-04-10T07:18:24","modified_gmt":"2026-04-10T05:18:24","slug":"willkommen","status":"publish","type":"page","link":"https:\/\/www.stachristiana.at\/volksschule-rodaun\/","title":{"rendered":"Willkommen"},"content":{"rendered":"\n<div class=\"wp-block-columns is-layout-flex wp-container-core-columns-is-layout-28f84493 wp-block-columns-is-layout-flex\">\n<div class=\"wp-block-column is-layout-flow wp-block-column-is-layout-flow\" style=\"flex-basis:66.66%\">\n<p><br>Wir m\u00f6chten Sie mit einem <strong>herzlichen &#8222;Gr\u00fc\u00df Gott&#8220;<\/strong> auf den Webseiten der privaten Volksschule Sta. Christiana Rodaun begr\u00fc\u00dfen.<\/p>\n\n\n\n<p><br>Um unser <strong>Schulvideo<\/strong> anzusehen, klicken Sie bitte <a href=\"https:\/\/youtu.be\/oyJ3dztXs-k\" target=\"_blank\" rel=\"noreferrer noopener\">hier<\/a>.<\/p>\n<\/div>\n\n\n\n<div class=\"wp-block-column is-layout-flow wp-block-column-is-layout-flow\" style=\"flex-basis:33.33%\">\n<figure class=\"wp-block-image aligncenter size-full is-resized\"><img loading=\"lazy\" decoding=\"async\" width=\"900\" height=\"736\" src=\"https:\/\/www.stachristiana.at\/app\/uploads\/sites\/7\/2023\/05\/Ninu-Herzerl.jpg\" alt=\"\" class=\"wp-image-898\" style=\"width:221px;height:180px\" srcset=\"https:\/\/www.stachristiana.at\/app\/uploads\/sites\/7\/2023\/05\/Ninu-Herzerl.jpg 900w, https:\/\/www.stachristiana.at\/app\/uploads\/sites\/7\/2023\/05\/Ninu-Herzerl-400x327.jpg 400w, https:\/\/www.stachristiana.at\/app\/uploads\/sites\/7\/2023\/05\/Ninu-Herzerl-768x628.jpg 768w, https:\/\/www.stachristiana.at\/app\/uploads\/sites\/7\/2023\/05\/Ninu-Herzerl-563x460.jpg 563w, https:\/\/www.stachristiana.at\/app\/uploads\/sites\/7\/2023\/05\/Ninu-Herzerl-92x75.jpg 92w\" sizes=\"auto, (max-width: 900px) 100vw, 900px\" \/><\/figure>\n<\/div>\n<\/div>\n\n\n\n<p class=\"has-text-align-center\"><br><strong>Das Team der pVS Sta. Christiana w\u00fcnscht allen ein frohes und gesegnetes Osterfest!<\/strong><\/p>\n\n\n\n<p class=\"has-text-align-center\">Ostern erinnert uns daran, dass neues Leben und Hoffnung stets m\u00f6glich sind.<br>Wir w\u00fcnschen eine besinnliche Zeit voller Licht, Freude und Zusammenhalt.<\/p>\n\n\n\n<figure class=\"wp-block-image size-large\"><img loading=\"lazy\" decoding=\"async\" width=\"1024\" height=\"768\" src=\"https:\/\/www.stachristiana.at\/app\/uploads\/sites\/7\/2026\/03\/5d9c93f9-7357-4d6f-b641-1b3e9fa35733-1024x768.jpeg\" alt=\"\" class=\"wp-image-1749\" srcset=\"https:\/\/www.stachristiana.at\/app\/uploads\/sites\/7\/2026\/03\/5d9c93f9-7357-4d6f-b641-1b3e9fa35733-1024x768.jpeg 1024w, https:\/\/www.stachristiana.at\/app\/uploads\/sites\/7\/2026\/03\/5d9c93f9-7357-4d6f-b641-1b3e9fa35733-400x300.jpeg 400w, https:\/\/www.stachristiana.at\/app\/uploads\/sites\/7\/2026\/03\/5d9c93f9-7357-4d6f-b641-1b3e9fa35733-768x576.jpeg 768w, https:\/\/www.stachristiana.at\/app\/uploads\/sites\/7\/2026\/03\/5d9c93f9-7357-4d6f-b641-1b3e9fa35733-1536x1152.jpeg 1536w, https:\/\/www.stachristiana.at\/app\/uploads\/sites\/7\/2026\/03\/5d9c93f9-7357-4d6f-b641-1b3e9fa35733-613x460.jpeg 613w, https:\/\/www.stachristiana.at\/app\/uploads\/sites\/7\/2026\/03\/5d9c93f9-7357-4d6f-b641-1b3e9fa35733-100x75.jpeg 100w, https:\/\/www.stachristiana.at\/app\/uploads\/sites\/7\/2026\/03\/5d9c93f9-7357-4d6f-b641-1b3e9fa35733.jpeg 1600w\" sizes=\"auto, (max-width: 1024px) 100vw, 1024px\" \/><\/figure>\n\n\n\n<p class=\"has-text-align-center\"><\/p>\n\n\n\n<p><\/p>\n\n\n\n<p><em><mark style=\"background-color:rgba(0, 0, 0, 0)\" class=\"has-inline-color has-black-color\"><strong>TAG DER OFFENEN T\u00dcR SJ 2025\/26:    <\/strong><\/mark><\/em><\/p>\n\n\n\n<p><\/p>\n\n\n\n<ol class=\"wp-block-list\">\n<li><s>Termin: <em><mark style=\"background-color:rgba(0, 0, 0, 0)\" class=\"has-inline-color has-black-color\"><strong>26. September 2025   von 9:00 &#8211; 11:00 Uhr<\/strong><\/mark><\/em><\/s><\/li>\n\n\n\n<li>Termin: <strong><em><mark style=\"background-color:rgba(0, 0, 0, 0)\" class=\"has-inline-color has-black-color\">24. April 2026 von 09:00 &#8211; 11:00 Uhr<\/mark><\/em><\/strong><\/li>\n<\/ol>\n\n\n\n<p><\/p>\n\n\n\n<p><strong><mark style=\"background-color:rgba(0, 0, 0, 0)\" class=\"has-inline-color has-red-color\">ANMELDUNG F\u00dcR DAS SCHULJAHR 2026\/27<\/mark><\/strong><\/p>\n\n\n\n<p>Die Einschreibungen f\u00fcr das Schuljahr (2026\/27) fanden im September und Oktober 2025 statt.<\/p>\n\n\n\n<p><strong><mark style=\"background-color:rgba(0, 0, 0, 0)\" class=\"has-inline-color has-red-color\">ZURZEIT HABEN WIR EINIGE WENIGE FREIE PL\u00c4TZE F\u00dcR DAS KOMMENDE SCHULJAHR!<\/mark><\/strong><\/p>\n\n\n\n<p>Die Anmeldeformulare f\u00fcr die kommenden Schuljahre finden Sie hier: <a href=\"https:\/\/www.stachristiana.at\/app\/uploads\/sites\/7\/2024\/09\/Anmeldung-202627_neu.pdf\">2026\/27<\/a>, <a href=\"https:\/\/www.stachristiana.at\/app\/uploads\/sites\/7\/2024\/09\/Anmeldung-2027_28.pdf\">2027\/28<\/a>, <a href=\"https:\/\/www.stachristiana.at\/app\/uploads\/sites\/7\/2025\/11\/Anmeldeformular-VS-28_29.pdf\">2028\/29<\/a> und <a href=\"https:\/\/www.stachristiana.at\/app\/uploads\/sites\/7\/2025\/11\/Anmeldeformular-VS-29_30.pdf\">2029\/30<\/a>.<\/p>\n\n\n\n<p>Weitere Details zur Anmeldung finden Sie <a href=\"https:\/\/www.stachristiana.at\/volksschule-rodaun\/anmeldung\">hier<\/a>.<\/p>\n\n\n\n<p><\/p>\n\n\n\n<figure class=\"wp-block-table is-style-regular\"><table><tbody><tr><td class=\"has-text-align-center\" data-align=\"center\">24. April 2026<\/td><td class=\"has-text-align-center\" data-align=\"center\">Tag der offenen T\u00fcr<\/td><\/tr><tr><td class=\"has-text-align-center\" data-align=\"center\">04. Mai 2026<\/td><td class=\"has-text-align-center\" data-align=\"center\">Elternsprechtag<\/td><\/tr><tr><td class=\"has-text-align-center\" data-align=\"center\">09. Mai 2026<\/td><td class=\"has-text-align-center\" data-align=\"center\">Erstkommunion (3. Klassen)<\/td><\/tr><\/tbody><\/table><\/figure>\n\n\n\n<p><strong><em>Alle wichtigen Termine auf einen Blick<\/em><\/strong>:<\/p>\n\n\n\n<figure class=\"wp-block-image aligncenter size-large\"><img loading=\"lazy\" decoding=\"async\" width=\"1024\" height=\"225\" src=\"https:\/\/www.stachristiana.at\/app\/uploads\/sites\/7\/2023\/05\/logosbeneficaireserasmusleft_de_1-1024x225.jpg\" alt=\"\" class=\"wp-image-897\" srcset=\"https:\/\/www.stachristiana.at\/app\/uploads\/sites\/7\/2023\/05\/logosbeneficaireserasmusleft_de_1-1024x225.jpg 1024w, https:\/\/www.stachristiana.at\/app\/uploads\/sites\/7\/2023\/05\/logosbeneficaireserasmusleft_de_1-400x88.jpg 400w, https:\/\/www.stachristiana.at\/app\/uploads\/sites\/7\/2023\/05\/logosbeneficaireserasmusleft_de_1-768x169.jpg 768w, https:\/\/www.stachristiana.at\/app\/uploads\/sites\/7\/2023\/05\/logosbeneficaireserasmusleft_de_1-1536x338.jpg 1536w, https:\/\/www.stachristiana.at\/app\/uploads\/sites\/7\/2023\/05\/logosbeneficaireserasmusleft_de_1-2048x450.jpg 2048w, https:\/\/www.stachristiana.at\/app\/uploads\/sites\/7\/2023\/05\/logosbeneficaireserasmusleft_de_1-890x196.jpg 890w, https:\/\/www.stachristiana.at\/app\/uploads\/sites\/7\/2023\/05\/logosbeneficaireserasmusleft_de_1-192x42.jpg 192w\" sizes=\"auto, (max-width: 1024px) 100vw, 1024px\" \/><\/figure>\n\n\n\n<p><\/p>\n\n\n\n<h2 class=\"wp-block-heading\">Aktuelles<\/h2>\n\n\n\n<div id=\"list-block_2095faf09e4a1e0c20c1dd3c9da601a2\" class=\"article-list\">\n\t\t\n\t\t<a href=\"https:\/\/www.stachristiana.at\/volksschule-rodaun\/news\/kartoffel-boogie-im-ohr-und-ein-bravissimo-im-gepaeck.html\" class=\"article-list-item focus-light\">\n\t\t\t<h3 class=\"list-item-title\">Kartoffel-Boogie im Ohr und Rhythmus im Blut<\/h3>\n\t\t\t\t\t\t<div class=\"list-item-text\">\n\t\t\t\t<p>Unser Schulchor sowie der 4A-Klassenchor durften beim Jugendsingen an der mdw (Universit\u00e4t f\u00fcr Musik und darstellende Kunst) ihr K\u00f6nnen unter Beweis stellen. Mit Liedern wie \u201eIn deiner Welt\u201c, \u201eDes Gl\u00fcck<span class=\"light\"> &#8230;<\/span> <\/p>\n\t\t\t\t<span class=\"btn-read-more\" aria-hidden=\"true\"><i class=\"fa fa-chevron-right\" aria-hidden=\"true\"><\/i> mehr lesen&#8230;<\/span>\n\t\t\t<\/div>\n\t\t<\/a>\n\n\t\t\n\t\t<a href=\"https:\/\/www.stachristiana.at\/volksschule-rodaun\/news\/ein-ueberraschungsstaendchen-fuer-unsere-frau-direktor.html\" class=\"article-list-item focus-light\">\n\t\t\t<h3 class=\"list-item-title\">Ein \u00dcberraschungsst\u00e4ndchen f\u00fcr unsere Frau Direktor!<\/h3>\n\t\t\t\t\t\t<div class=\"list-item-text\">\n\t\t\t\t<p>Zum runden Geburtstag unserer Frau Direktor Sabine Hansen haben unsere Sch\u00fclerinnen und Sch\u00fcler gemeinsam mit ihren Lehrer:innen eine gro\u00dfartige \u00dcberraschung vorbereitet: Mit viel Engagement und Herz probten sie ein Lied<span class=\"light\"> &#8230;<\/span> <\/p>\n\t\t\t\t<span class=\"btn-read-more\" aria-hidden=\"true\"><i class=\"fa fa-chevron-right\" aria-hidden=\"true\"><\/i> mehr lesen&#8230;<\/span>\n\t\t\t<\/div>\n\t\t<\/a>\n\n\t\t\n\t\t<a href=\"https:\/\/www.stachristiana.at\/volksschule-rodaun\/news\/ostergottesdienst-in-der-rodauner-bergkirche.html\" class=\"article-list-item focus-light\">\n\t\t\t<h3 class=\"list-item-title\">Ostergottesdienst in der Rodauner Bergkirche<\/h3>\n\t\t\t\t\t\t<div class=\"list-item-text\">\n\t\t\t\t<p>Die feierliche Ostermesse der PVS Sta. Christiana fand in der Rodauner Bergkirche statt. Ein besonders ber\u00fchrender Moment war ein von den Kindern einge\u00fcbtes St\u00fcck, bei dem das Kreuz zum Hoffnungsbaum<span class=\"light\"> &#8230;<\/span> <\/p>\n\t\t\t\t<span class=\"btn-read-more\" aria-hidden=\"true\"><i class=\"fa fa-chevron-right\" aria-hidden=\"true\"><\/i> mehr lesen&#8230;<\/span>\n\t\t\t<\/div>\n\t\t<\/a>\n\n\t\t\n\t\t<a href=\"https:\/\/www.stachristiana.at\/volksschule-rodaun\/news\/ein-tag-im-1-bezirk.html\" class=\"article-list-item focus-light\">\n\t\t\t<h3 class=\"list-item-title\">Ein Tag im 1. Bezirk<\/h3>\n\t\t\t\t\t\t<div class=\"list-item-text\">\n\t\t\t\t<p>Nachdem sich unsere 4B drei Wochen im Sachunterricht intensiv mit der Geschichte, den Geb\u00e4uden und Sehensw\u00fcrdigkeiten der Ringstra\u00dfe besch\u00e4ftigt haben, waren sie nun vor Ort, um uns alles anzusehen. Ein<span class=\"light\"> &#8230;<\/span> <\/p>\n\t\t\t\t<span class=\"btn-read-more\" aria-hidden=\"true\"><i class=\"fa fa-chevron-right\" aria-hidden=\"true\"><\/i> mehr lesen&#8230;<\/span>\n\t\t\t<\/div>\n\t\t<\/a>\n\n\t\t\n\t\t<a href=\"https:\/\/www.stachristiana.at\/volksschule-rodaun\/news\/waldtag-der-4b.html\" class=\"article-list-item focus-light\">\n\t\t\t<h3 class=\"list-item-title\">Waldtag der 4B<\/h3>\n\t\t\t\t\t\t<div class=\"list-item-text\">\n\t\t\t\t<p>Bei wunderbarem Fr\u00fchlingswetter verbringen wir einen Vormittag im Wald. Osterk\u00f6rbchenflechten, Stockkampf, spielen, plaudern und noch vieles mehr f\u00fcllen unseren heutigen Waldtag.<\/p>\n\t\t\t\t<span class=\"btn-read-more\" aria-hidden=\"true\"><i class=\"fa fa-chevron-right\" aria-hidden=\"true\"><\/i> mehr lesen&#8230;<\/span>\n\t\t\t<\/div>\n\t\t<\/a>\n\n\t\t\n\t\t<a href=\"https:\/\/www.stachristiana.at\/volksschule-rodaun\/news\/lernen-mal-anders.html\" class=\"article-list-item focus-light\">\n\t\t\t<h3 class=\"list-item-title\">Lernen mal anders!<\/h3>\n\t\t\t\t\t\t<div class=\"list-item-text\">\n\t\t\t\t<p>In unserer 2B wird Lernen vielf\u00e4ltig gestaltet. Die Kinder erarbeiteten mathematische Inhalte auf abwechslungsreiche und aktive Weise, wie etwa durch gemeinsames Arbeiten in Teams. Auch au\u00dferhalb des Klassenzimmers sammelten die<span class=\"light\"> &#8230;<\/span> <\/p>\n\t\t\t\t<span class=\"btn-read-more\" aria-hidden=\"true\"><i class=\"fa fa-chevron-right\" aria-hidden=\"true\"><\/i> mehr lesen&#8230;<\/span>\n\t\t\t<\/div>\n\t\t<\/a>\n\n\t\t\n\t\t<a href=\"https:\/\/www.stachristiana.at\/volksschule-rodaun\/news\/kleine-laemmer-grosse-begeisterung.html\" class=\"article-list-item focus-light\">\n\t\t\t<h3 class=\"list-item-title\">Kleine L\u00e4mmer, gro\u00dfe Begeisterung!<\/h3>\n\t\t\t\t\t\t<div class=\"list-item-text\">\n\t\t\t\t<p>Unsere 4A erlebte einen herrlichen Waldtag mit dem Waldp\u00e4dagogen Stefan. Bei ihrem Ausflug in die Natur begegneten sie acht kleinen L\u00e4mmchen, die erst vor Kurzem das Licht der Welt erblickt<span class=\"light\"> &#8230;<\/span> <\/p>\n\t\t\t\t<span class=\"btn-read-more\" aria-hidden=\"true\"><i class=\"fa fa-chevron-right\" aria-hidden=\"true\"><\/i> mehr lesen&#8230;<\/span>\n\t\t\t<\/div>\n\t\t<\/a>\n\n\t\t\n\t\t<a href=\"https:\/\/www.stachristiana.at\/volksschule-rodaun\/news\/sport-spiel-und-gute-laune.html\" class=\"article-list-item focus-light\">\n\t\t\t<h3 class=\"list-item-title\">Sport, Spiel und gute Laune!<\/h3>\n\t\t\t\t\t\t<div class=\"list-item-text\">\n\t\t\t\t<p>Beim abwechslungsreichen Stationenbetrieb konnten die Kinder im Fach Bewegung und Sport vielf\u00e4ltige \u00dcbungen ausprobieren, ihre Geschicklichkeit testen und sich so richtig austoben. So wird Sport zu einem Erlebnis, das st\u00e4rkt,<span class=\"light\"> &#8230;<\/span> <\/p>\n\t\t\t\t<span class=\"btn-read-more\" aria-hidden=\"true\"><i class=\"fa fa-chevron-right\" aria-hidden=\"true\"><\/i> mehr lesen&#8230;<\/span>\n\t\t\t<\/div>\n\t\t<\/a>\n\n\t\t\n\t\t<a href=\"https:\/\/www.stachristiana.at\/volksschule-rodaun\/news\/skitag-am-semmering.html\" class=\"article-list-item focus-light\">\n\t\t\t<h3 class=\"list-item-title\">Skitag am Semmering<\/h3>\n\t\t\t\t\t\t<div class=\"list-item-text\">\n\t\t\t\t<p>Was f\u00fcr ein gro\u00dfartiger Tag! Die 4A und 4B verbrachten einen fantastischen Skitag am Semmering. Bei besten Bedingungen und einer super pr\u00e4parierten Piste konnten alle ihr K\u00f6nnen zeigen und jede<span class=\"light\"> &#8230;<\/span> <\/p>\n\t\t\t\t<span class=\"btn-read-more\" aria-hidden=\"true\"><i class=\"fa fa-chevron-right\" aria-hidden=\"true\"><\/i> mehr lesen&#8230;<\/span>\n\t\t\t<\/div>\n\t\t<\/a>\n\n\t\t\n\t\t<a href=\"https:\/\/www.stachristiana.at\/volksschule-rodaun\/news\/aschermittwoch-gute-worte-gute-taten.html\" class=\"article-list-item focus-light\">\n\t\t\t<h3 class=\"list-item-title\">Aschermittwoch \u2013 Gute Worte, gute Taten<\/h3>\n\t\t\t\t\t\t<div class=\"list-item-text\">\n\t\t\t\t<p>Heute feierte die&nbsp;pVS Sta. Christiana&nbsp;in der Rodauner Bergkirche die heilige Messe mit Austeilung des Aschenkreuzes. Unter dem Motto\u00a0\u201eGute Worte, gute Taten\u201c\u00a0wurden die Kinder eingeladen, die Fastenzeit bewusst zu beginnen: achtsam<span class=\"light\"> &#8230;<\/span> <\/p>\n\t\t\t\t<span class=\"btn-read-more\" aria-hidden=\"true\"><i class=\"fa fa-chevron-right\" aria-hidden=\"true\"><\/i> mehr lesen&#8230;<\/span>\n\t\t\t<\/div>\n\t\t<\/a>\n\n\t<\/div>\n\n\n\n<figure class=\"wp-block-image size-full is-resized\"><img loading=\"lazy\" decoding=\"async\" width=\"1000\" height=\"189\" src=\"https:\/\/www.stachristiana.at\/app\/uploads\/sites\/7\/2022\/10\/schulen-zum-leben-claim.jpg\" alt=\"\" class=\"wp-image-587\" style=\"width:500px;height:95px\" srcset=\"https:\/\/www.stachristiana.at\/app\/uploads\/sites\/7\/2022\/10\/schulen-zum-leben-claim.jpg 1000w, https:\/\/www.stachristiana.at\/app\/uploads\/sites\/7\/2022\/10\/schulen-zum-leben-claim-400x76.jpg 400w, https:\/\/www.stachristiana.at\/app\/uploads\/sites\/7\/2022\/10\/schulen-zum-leben-claim-768x145.jpg 768w, https:\/\/www.stachristiana.at\/app\/uploads\/sites\/7\/2022\/10\/schulen-zum-leben-claim-890x168.jpg 890w, https:\/\/www.stachristiana.at\/app\/uploads\/sites\/7\/2022\/10\/schulen-zum-leben-claim-192x36.jpg 192w\" sizes=\"auto, (max-width: 1000px) 100vw, 1000px\" \/><\/figure>\n\n\n\n<div style=\"height:70px\" aria-hidden=\"true\" class=\"wp-block-spacer\"><\/div>\n\n\n\n<div id=\"partners-block_8d7f9b31fe48c53aa9ce37cbcc211821\" class=\"partners\">\n\t<img loading=\"lazy\" decoding=\"async\" width=\"100\" height=\"75\" src=\"https:\/\/www.stachristiana.at\/app\/uploads\/sites\/7\/2022\/05\/logo-emas.png\" class=\"attachment-partner-logo size-partner-logo\" alt=\"Logo EMAS\" \/><img loading=\"lazy\" decoding=\"async\" width=\"100\" height=\"75\" src=\"https:\/\/www.stachristiana.at\/app\/uploads\/sites\/7\/2022\/06\/logo_pilgrim-100x75.jpg\" class=\"attachment-partner-logo size-partner-logo\" alt=\"\" srcset=\"https:\/\/www.stachristiana.at\/app\/uploads\/sites\/7\/2022\/06\/logo_pilgrim-100x75.jpg 100w, https:\/\/www.stachristiana.at\/app\/uploads\/sites\/7\/2022\/06\/logo_pilgrim.jpg 190w\" sizes=\"auto, (max-width: 100px) 100vw, 100px\" \/><img loading=\"lazy\" decoding=\"async\" width=\"100\" height=\"75\" src=\"https:\/\/www.stachristiana.at\/app\/uploads\/sites\/7\/2022\/10\/stricken-100x75.jpg\" class=\"attachment-partner-logo size-partner-logo\" alt=\"\" srcset=\"https:\/\/www.stachristiana.at\/app\/uploads\/sites\/7\/2022\/10\/stricken-100x75.jpg 100w, https:\/\/www.stachristiana.at\/app\/uploads\/sites\/7\/2022\/10\/stricken.jpg 190w\" sizes=\"auto, (max-width: 100px) 100vw, 100px\" \/><img loading=\"lazy\" decoding=\"async\" width=\"74\" height=\"75\" src=\"https:\/\/www.stachristiana.at\/app\/uploads\/sites\/7\/2022\/06\/logo_guetesiegel_klein-74x75.jpg\" class=\"attachment-partner-logo size-partner-logo\" alt=\"\" srcset=\"https:\/\/www.stachristiana.at\/app\/uploads\/sites\/7\/2022\/06\/logo_guetesiegel_klein-74x75.jpg 74w, https:\/\/www.stachristiana.at\/app\/uploads\/sites\/7\/2022\/06\/logo_guetesiegel_klein-396x400.jpg 396w, https:\/\/www.stachristiana.at\/app\/uploads\/sites\/7\/2022\/06\/logo_guetesiegel_klein-150x150.jpg 150w, https:\/\/www.stachristiana.at\/app\/uploads\/sites\/7\/2022\/06\/logo_guetesiegel_klein-250x250.jpg 250w, https:\/\/www.stachristiana.at\/app\/uploads\/sites\/7\/2022\/06\/logo_guetesiegel_klein.jpg 400w\" sizes=\"auto, (max-width: 74px) 100vw, 74px\" \/><img loading=\"lazy\" decoding=\"async\" width=\"192\" height=\"75\" src=\"https:\/\/www.stachristiana.at\/app\/uploads\/sites\/7\/2022\/05\/logo-sterntalerhof.png\" class=\"attachment-partner-logo size-partner-logo\" alt=\"Logo Sterntalerhof\" \/><img loading=\"lazy\" decoding=\"async\" width=\"118\" height=\"75\" src=\"https:\/\/www.stachristiana.at\/app\/uploads\/sites\/7\/2022\/05\/logo-leo.png\" class=\"attachment-partner-logo size-partner-logo\" alt=\"Logo Le+O\" \/><\/div>\n","protected":false},"excerpt":{"rendered":"<p>Wir m\u00f6chten Sie mit einem herzlichen &#8222;Gr\u00fc\u00df Gott&#8220; auf den Webseiten der privaten Volksschule Sta. Christiana Rodaun begr\u00fc\u00dfen. Um unser Schulvideo anzusehen, klicken Sie bitte hier. Das Team der pVS Sta. Christiana w\u00fcnscht allen ein frohes und gesegnetes Osterfest! Ostern erinnert uns daran, dass neues Leben und Hoffnung stets m\u00f6glich sind.Wir w\u00fcnschen eine besinnliche Zeit [&hellip;]<\/p>\n","protected":false},"author":1,"featured_media":0,"parent":0,"menu_order":0,"comment_status":"closed","ping_status":"closed","template":"","meta":{"footnotes":""},"class_list":["post-17","page","type-page","status-publish","hentry"],"acf":[],"yoast_head":"<!-- This site is optimized with the Yoast SEO plugin v26.8 - https:\/\/yoast.com\/product\/yoast-seo-wordpress\/ -->\n<title>Willkommen - Volksschule Rodaun<\/title>\n<meta name=\"robots\" content=\"index, follow, max-snippet:-1, max-image-preview:large, max-video-preview:-1\" \/>\n<link rel=\"canonical\" href=\"https:\/\/www.stachristiana.at\/volksschule-rodaun\/\" \/>\n<meta property=\"og:locale\" content=\"de_DE\" \/>\n<meta property=\"og:type\" content=\"article\" \/>\n<meta property=\"og:title\" content=\"Willkommen - Volksschule Rodaun\" \/>\n<meta property=\"og:description\" content=\"Wir m\u00f6chten Sie mit einem herzlichen &#8222;Gr\u00fc\u00df Gott&#8220; auf den Webseiten der privaten Volksschule Sta. Christiana Rodaun begr\u00fc\u00dfen. Um unser Schulvideo anzusehen, klicken Sie bitte hier. Das Team der pVS Sta. Christiana w\u00fcnscht allen ein frohes und gesegnetes Osterfest! Ostern erinnert uns daran, dass neues Leben und Hoffnung stets m\u00f6glich sind.Wir w\u00fcnschen eine besinnliche Zeit [&hellip;]\" \/>\n<meta property=\"og:url\" content=\"https:\/\/www.stachristiana.at\/volksschule-rodaun\/\" \/>\n<meta property=\"og:site_name\" content=\"Volksschule Rodaun\" \/>\n<meta property=\"article:modified_time\" content=\"2026-04-10T05:18:24+00:00\" \/>\n<meta property=\"og:image\" content=\"https:\/\/www.stachristiana.at\/app\/uploads\/sites\/7\/2023\/05\/Ninu-Herzerl.jpg\" \/>\n\t<meta property=\"og:image:width\" content=\"900\" \/>\n\t<meta property=\"og:image:height\" content=\"736\" \/>\n\t<meta property=\"og:image:type\" content=\"image\/jpeg\" \/>\n<meta name=\"twitter:card\" content=\"summary_large_image\" \/>\n<meta name=\"twitter:label1\" content=\"Gesch\u00e4tzte Lesezeit\" \/>\n\t<meta name=\"twitter:data1\" content=\"2\u00a0Minuten\" \/>\n<script type=\"application\/ld+json\" class=\"yoast-schema-graph\">{\"@context\":\"https:\/\/schema.org\",\"@graph\":[{\"@type\":\"WebPage\",\"@id\":\"https:\/\/www.stachristiana.at\/volksschule-rodaun\/\",\"url\":\"https:\/\/www.stachristiana.at\/volksschule-rodaun\/\",\"name\":\"Willkommen - Volksschule Rodaun\",\"isPartOf\":{\"@id\":\"https:\/\/www.stachristiana.at\/volksschule-rodaun\/#website\"},\"primaryImageOfPage\":{\"@id\":\"https:\/\/www.stachristiana.at\/volksschule-rodaun\/#primaryimage\"},\"image\":{\"@id\":\"https:\/\/www.stachristiana.at\/volksschule-rodaun\/#primaryimage\"},\"thumbnailUrl\":\"https:\/\/www.stachristiana.at\/app\/uploads\/sites\/7\/2023\/05\/Ninu-Herzerl.jpg\",\"datePublished\":\"2022-05-01T09:48:18+00:00\",\"dateModified\":\"2026-04-10T05:18:24+00:00\",\"breadcrumb\":{\"@id\":\"https:\/\/www.stachristiana.at\/volksschule-rodaun\/#breadcrumb\"},\"inLanguage\":\"de\",\"potentialAction\":[{\"@type\":\"ReadAction\",\"target\":[\"https:\/\/www.stachristiana.at\/volksschule-rodaun\/\"]}]},{\"@type\":\"ImageObject\",\"inLanguage\":\"de\",\"@id\":\"https:\/\/www.stachristiana.at\/volksschule-rodaun\/#primaryimage\",\"url\":\"https:\/\/www.stachristiana.at\/app\/uploads\/sites\/7\/2023\/05\/Ninu-Herzerl.jpg\",\"contentUrl\":\"https:\/\/www.stachristiana.at\/app\/uploads\/sites\/7\/2023\/05\/Ninu-Herzerl.jpg\"},{\"@type\":\"BreadcrumbList\",\"@id\":\"https:\/\/www.stachristiana.at\/volksschule-rodaun\/#breadcrumb\",\"itemListElement\":[{\"@type\":\"ListItem\",\"position\":1,\"name\":\"Start\",\"item\":\"https:\/\/www.stachristiana.at\/\"},{\"@type\":\"ListItem\",\"position\":2,\"name\":\"Willkommen\"}]},{\"@type\":\"WebSite\",\"@id\":\"https:\/\/www.stachristiana.at\/volksschule-rodaun\/#website\",\"url\":\"https:\/\/www.stachristiana.at\/volksschule-rodaun\/\",\"name\":\"Sta. Christiana - Private Volksschule Rodaun\",\"description\":\"Schulen zum Leben\",\"publisher\":{\"@id\":\"https:\/\/www.stachristiana.at\/volksschule-rodaun\/#organization\"},\"alternateName\":\"Sta. Christiana\",\"potentialAction\":[{\"@type\":\"SearchAction\",\"target\":{\"@type\":\"EntryPoint\",\"urlTemplate\":\"https:\/\/www.stachristiana.at\/volksschule-rodaun\/?s={search_term_string}\"},\"query-input\":{\"@type\":\"PropertyValueSpecification\",\"valueRequired\":true,\"valueName\":\"search_term_string\"}}],\"inLanguage\":\"de\"},{\"@type\":\"Organization\",\"@id\":\"https:\/\/www.stachristiana.at\/volksschule-rodaun\/#organization\",\"name\":\"Sta. Christiana - Private Volksschule Rodaun\",\"alternateName\":\"Sta. Christiana\",\"url\":\"https:\/\/www.stachristiana.at\/volksschule-rodaun\/\",\"logo\":{\"@type\":\"ImageObject\",\"inLanguage\":\"de\",\"@id\":\"https:\/\/www.stachristiana.at\/volksschule-rodaun\/#\/schema\/logo\/image\/\",\"url\":\"https:\/\/www.stachristiana.at\/app\/uploads\/sites\/7\/2022\/05\/logo-sta-christiana.png\",\"contentUrl\":\"https:\/\/www.stachristiana.at\/app\/uploads\/sites\/7\/2022\/05\/logo-sta-christiana.png\",\"width\":1200,\"height\":491,\"caption\":\"Sta. Christiana - Private Volksschule Rodaun\"},\"image\":{\"@id\":\"https:\/\/www.stachristiana.at\/volksschule-rodaun\/#\/schema\/logo\/image\/\"}}]}<\/script>\n<!-- \/ Yoast SEO plugin. -->","yoast_head_json":{"title":"Willkommen - Volksschule Rodaun","robots":{"index":"index","follow":"follow","max-snippet":"max-snippet:-1","max-image-preview":"max-image-preview:large","max-video-preview":"max-video-preview:-1"},"canonical":"https:\/\/www.stachristiana.at\/volksschule-rodaun\/","og_locale":"de_DE","og_type":"article","og_title":"Willkommen - Volksschule Rodaun","og_description":"Wir m\u00f6chten Sie mit einem herzlichen &#8222;Gr\u00fc\u00df Gott&#8220; auf den Webseiten der privaten Volksschule Sta. Christiana Rodaun begr\u00fc\u00dfen. Um unser Schulvideo anzusehen, klicken Sie bitte hier. Das Team der pVS Sta. Christiana w\u00fcnscht allen ein frohes und gesegnetes Osterfest! Ostern erinnert uns daran, dass neues Leben und Hoffnung stets m\u00f6glich sind.Wir w\u00fcnschen eine besinnliche Zeit [&hellip;]","og_url":"https:\/\/www.stachristiana.at\/volksschule-rodaun\/","og_site_name":"Volksschule Rodaun","article_modified_time":"2026-04-10T05:18:24+00:00","og_image":[{"width":900,"height":736,"url":"https:\/\/www.stachristiana.at\/app\/uploads\/sites\/7\/2023\/05\/Ninu-Herzerl.jpg","type":"image\/jpeg"}],"twitter_card":"summary_large_image","twitter_misc":{"Gesch\u00e4tzte Lesezeit":"2\u00a0Minuten"},"schema":{"@context":"https:\/\/schema.org","@graph":[{"@type":"WebPage","@id":"https:\/\/www.stachristiana.at\/volksschule-rodaun\/","url":"https:\/\/www.stachristiana.at\/volksschule-rodaun\/","name":"Willkommen - Volksschule Rodaun","isPartOf":{"@id":"https:\/\/www.stachristiana.at\/volksschule-rodaun\/#website"},"primaryImageOfPage":{"@id":"https:\/\/www.stachristiana.at\/volksschule-rodaun\/#primaryimage"},"image":{"@id":"https:\/\/www.stachristiana.at\/volksschule-rodaun\/#primaryimage"},"thumbnailUrl":"https:\/\/www.stachristiana.at\/app\/uploads\/sites\/7\/2023\/05\/Ninu-Herzerl.jpg","datePublished":"2022-05-01T09:48:18+00:00","dateModified":"2026-04-10T05:18:24+00:00","breadcrumb":{"@id":"https:\/\/www.stachristiana.at\/volksschule-rodaun\/#breadcrumb"},"inLanguage":"de","potentialAction":[{"@type":"ReadAction","target":["https:\/\/www.stachristiana.at\/volksschule-rodaun\/"]}]},{"@type":"ImageObject","inLanguage":"de","@id":"https:\/\/www.stachristiana.at\/volksschule-rodaun\/#primaryimage","url":"https:\/\/www.stachristiana.at\/app\/uploads\/sites\/7\/2023\/05\/Ninu-Herzerl.jpg","contentUrl":"https:\/\/www.stachristiana.at\/app\/uploads\/sites\/7\/2023\/05\/Ninu-Herzerl.jpg"},{"@type":"BreadcrumbList","@id":"https:\/\/www.stachristiana.at\/volksschule-rodaun\/#breadcrumb","itemListElement":[{"@type":"ListItem","position":1,"name":"Start","item":"https:\/\/www.stachristiana.at\/"},{"@type":"ListItem","position":2,"name":"Willkommen"}]},{"@type":"WebSite","@id":"https:\/\/www.stachristiana.at\/volksschule-rodaun\/#website","url":"https:\/\/www.stachristiana.at\/volksschule-rodaun\/","name":"Sta. Christiana - Private Volksschule Rodaun","description":"Schulen zum Leben","publisher":{"@id":"https:\/\/www.stachristiana.at\/volksschule-rodaun\/#organization"},"alternateName":"Sta. Christiana","potentialAction":[{"@type":"SearchAction","target":{"@type":"EntryPoint","urlTemplate":"https:\/\/www.stachristiana.at\/volksschule-rodaun\/?s={search_term_string}"},"query-input":{"@type":"PropertyValueSpecification","valueRequired":true,"valueName":"search_term_string"}}],"inLanguage":"de"},{"@type":"Organization","@id":"https:\/\/www.stachristiana.at\/volksschule-rodaun\/#organization","name":"Sta. Christiana - Private Volksschule Rodaun","alternateName":"Sta. Christiana","url":"https:\/\/www.stachristiana.at\/volksschule-rodaun\/","logo":{"@type":"ImageObject","inLanguage":"de","@id":"https:\/\/www.stachristiana.at\/volksschule-rodaun\/#\/schema\/logo\/image\/","url":"https:\/\/www.stachristiana.at\/app\/uploads\/sites\/7\/2022\/05\/logo-sta-christiana.png","contentUrl":"https:\/\/www.stachristiana.at\/app\/uploads\/sites\/7\/2022\/05\/logo-sta-christiana.png","width":1200,"height":491,"caption":"Sta. Christiana - Private Volksschule Rodaun"},"image":{"@id":"https:\/\/www.stachristiana.at\/volksschule-rodaun\/#\/schema\/logo\/image\/"}}]}},"_links":{"self":[{"href":"https:\/\/www.stachristiana.at\/volksschule-rodaun\/wp-json\/wp\/v2\/pages\/17","targetHints":{"allow":["GET"]}}],"collection":[{"href":"https:\/\/www.stachristiana.at\/volksschule-rodaun\/wp-json\/wp\/v2\/pages"}],"about":[{"href":"https:\/\/www.stachristiana.at\/volksschule-rodaun\/wp-json\/wp\/v2\/types\/page"}],"author":[{"embeddable":true,"href":"https:\/\/www.stachristiana.at\/volksschule-rodaun\/wp-json\/wp\/v2\/users\/1"}],"replies":[{"embeddable":true,"href":"https:\/\/www.stachristiana.at\/volksschule-rodaun\/wp-json\/wp\/v2\/comments?post=17"}],"version-history":[{"count":143,"href":"https:\/\/www.stachristiana.at\/volksschule-rodaun\/wp-json\/wp\/v2\/pages\/17\/revisions"}],"predecessor-version":[{"id":1771,"href":"https:\/\/www.stachristiana.at\/volksschule-rodaun\/wp-json\/wp\/v2\/pages\/17\/revisions\/1771"}],"wp:attachment":[{"href":"https:\/\/www.stachristiana.at\/volksschule-rodaun\/wp-json\/wp\/v2\/media?parent=17"}],"curies":[{"name":"wp","href":"https:\/\/api.w.org\/{rel}","templated":true}]}}