{"id":17,"date":"2022-05-01T11:48:18","date_gmt":"2022-05-01T09:48:18","guid":{"rendered":"https:\/\/devmultisite.superfesch.at\/dummy\/?page_id=17"},"modified":"2022-11-01T18:52:00","modified_gmt":"2022-11-01T17:52:00","slug":"willkommen","status":"publish","type":"page","link":"https:\/\/www.stachristiana.at\/tagesinternat-wiener-neustadt\/","title":{"rendered":"Willkommen"},"content":{"rendered":"\n<p>Die Leiterin und die Sozialp\u00e4dagoginnen und Sozialp\u00e4dagogen des Tagesinternats begr\u00fc\u00dfen Sie recht herzlich.<\/p>\n\n\n\n<p>Auf diesen Seiten erhalten Sie alle n\u00f6tigen und aktuellen Informationen zum Schulalltag.<\/p>\n\n\n\n<p>\u00a0<\/p>\n\n\n\n<h2 class=\"wp-block-heading\">Aktuelles<\/h2>\n\n\n\n<div id=\"list-block_2aefed1db147a21af949771fbc987a89\" class=\"article-list\">\n\t\t\n\t\t<a href=\"https:\/\/www.stachristiana.at\/tagesinternat-wiener-neustadt\/news\/fruehlingskinder-und-ihre-blumenkrone.html\" class=\"article-list-item focus-light\">\n\t\t\t<h3 class=\"list-item-title\">Fr\u00fchlingskinder und ihre Blumenkrone<\/h3>\n\t\t\t\t\t\t<div class=\"list-item-text\">\n\t\t\t\t<p>Wir haben den Tag drau\u00dfen genossen und die sch\u00f6nsten Sch\u00e4tze der Wiese gesammelt:leuchtend gelben L\u00f6wenzahn und zarte G\u00e4nsebl\u00fcmchen.Ein geflochtener Kranz aus purem Gl\u00fcck!<\/p>\n\t\t\t\t<span class=\"btn-read-more\" aria-hidden=\"true\"><i class=\"fa fa-chevron-right\" aria-hidden=\"true\"><\/i> mehr lesen&#8230;<\/span>\n\t\t\t<\/div>\n\t\t<\/a>\n\n\t\t\n\t\t<a href=\"https:\/\/www.stachristiana.at\/tagesinternat-wiener-neustadt\/news\/schmuckbasteleien.html\" class=\"article-list-item focus-light\">\n\t\t\t<h3 class=\"list-item-title\">Schmuckbasteleien<\/h3>\n\t\t\t\t\t\t<div class=\"list-item-text\">\n\t\t\t\t<p>Am haus\u00fcbungsfreien Nachmittag machten die Kinder der 3a gemeinsam Armb\u00e4nder und Ringe. Sie hatten sehr viel Spa\u00df beim Perlen aussuchen und F\u00e4deln.<\/p>\n\t\t\t\t<span class=\"btn-read-more\" aria-hidden=\"true\"><i class=\"fa fa-chevron-right\" aria-hidden=\"true\"><\/i> mehr lesen&#8230;<\/span>\n\t\t\t<\/div>\n\t\t<\/a>\n\n\t\t\n\t\t<a href=\"https:\/\/www.stachristiana.at\/tagesinternat-wiener-neustadt\/news\/konstruktionsspiele-2.html\" class=\"article-list-item focus-light\">\n\t\t\t<h3 class=\"list-item-title\">Konstruktionsspiele<\/h3>\n\t\t\t\t\t\t<div class=\"list-item-text\">\n\t\t\t\t<p>Die h\u00f6chsten T\u00fcrme bauen wir mit Baukl\u00f6tzen, die gr\u00f6\u00dften Schl\u00f6sser mit Lego und viele andere Dinge, die wir uns ausdenken. Dazu brauchen wir unsere Freunde. Ein gemeinsames &#8222;Tun&#8220; versch\u00f6nert unseren<span class=\"light\"> &#8230;<\/span> <\/p>\n\t\t\t\t<span class=\"btn-read-more\" aria-hidden=\"true\"><i class=\"fa fa-chevron-right\" aria-hidden=\"true\"><\/i> mehr lesen&#8230;<\/span>\n\t\t\t<\/div>\n\t\t<\/a>\n\n\t<\/div>\n\n\n\n<div style=\"height:70px\" aria-hidden=\"true\" class=\"wp-block-spacer\"><\/div>\n","protected":false},"excerpt":{"rendered":"<p>Die Leiterin und die Sozialp\u00e4dagoginnen und Sozialp\u00e4dagogen des Tagesinternats begr\u00fc\u00dfen Sie recht herzlich. Auf diesen Seiten erhalten Sie alle n\u00f6tigen und aktuellen Informationen zum Schulalltag. \u00a0 Aktuelles<\/p>\n","protected":false},"author":1,"featured_media":0,"parent":0,"menu_order":0,"comment_status":"closed","ping_status":"closed","template":"","meta":{"footnotes":""},"class_list":["post-17","page","type-page","status-publish","hentry"],"acf":[],"yoast_head":"<!-- This site is optimized with the Yoast SEO plugin v26.8 - https:\/\/yoast.com\/product\/yoast-seo-wordpress\/ -->\n<title>Willkommen - Tagesinternat Wr. Neustadt<\/title>\n<meta name=\"robots\" content=\"index, follow, max-snippet:-1, max-image-preview:large, max-video-preview:-1\" \/>\n<link rel=\"canonical\" href=\"http:\/\/www.sanctachristiana.at\/tagesinternat-wiener-neustadt\/\" \/>\n<meta property=\"og:locale\" content=\"de_DE\" \/>\n<meta property=\"og:type\" content=\"article\" \/>\n<meta property=\"og:title\" content=\"Willkommen - Tagesinternat Wr. Neustadt\" \/>\n<meta property=\"og:description\" content=\"Die Leiterin und die Sozialp\u00e4dagoginnen und Sozialp\u00e4dagogen des Tagesinternats begr\u00fc\u00dfen Sie recht herzlich. Auf diesen Seiten erhalten Sie alle n\u00f6tigen und aktuellen Informationen zum Schulalltag. \u00a0 Aktuelles\" \/>\n<meta property=\"og:url\" content=\"http:\/\/www.sanctachristiana.at\/tagesinternat-wiener-neustadt\/\" \/>\n<meta property=\"og:site_name\" content=\"Tagesinternat Wr. Neustadt\" \/>\n<meta property=\"article:modified_time\" content=\"2022-11-01T17:52:00+00:00\" \/>\n<meta property=\"og:image\" content=\"https:\/\/www.stachristiana.at\/app\/uploads\/sites\/12\/2022\/05\/logo-sta-christiana.png\" \/>\n\t<meta property=\"og:image:width\" content=\"1200\" \/>\n\t<meta property=\"og:image:height\" content=\"491\" \/>\n\t<meta property=\"og:image:type\" content=\"image\/png\" \/>\n<meta name=\"twitter:card\" content=\"summary_large_image\" \/>\n<meta name=\"twitter:label1\" content=\"Gesch\u00e4tzte Lesezeit\" \/>\n\t<meta name=\"twitter:data1\" content=\"1\u00a0Minute\" \/>\n<script type=\"application\/ld+json\" class=\"yoast-schema-graph\">{\"@context\":\"https:\/\/schema.org\",\"@graph\":[{\"@type\":\"WebPage\",\"@id\":\"http:\/\/www.sanctachristiana.at\/tagesinternat-wiener-neustadt\/\",\"url\":\"http:\/\/www.sanctachristiana.at\/tagesinternat-wiener-neustadt\/\",\"name\":\"Willkommen - Tagesinternat Wr. Neustadt\",\"isPartOf\":{\"@id\":\"https:\/\/www.stachristiana.at\/tagesinternat-wiener-neustadt\/#website\"},\"datePublished\":\"2022-05-01T09:48:18+00:00\",\"dateModified\":\"2022-11-01T17:52:00+00:00\",\"breadcrumb\":{\"@id\":\"http:\/\/www.sanctachristiana.at\/tagesinternat-wiener-neustadt\/#breadcrumb\"},\"inLanguage\":\"de\",\"potentialAction\":[{\"@type\":\"ReadAction\",\"target\":[\"http:\/\/www.sanctachristiana.at\/tagesinternat-wiener-neustadt\/\"]}]},{\"@type\":\"BreadcrumbList\",\"@id\":\"http:\/\/www.sanctachristiana.at\/tagesinternat-wiener-neustadt\/#breadcrumb\",\"itemListElement\":[{\"@type\":\"ListItem\",\"position\":1,\"name\":\"Start\",\"item\":\"https:\/\/www.stachristiana.at\/\"},{\"@type\":\"ListItem\",\"position\":2,\"name\":\"Willkommen\"}]},{\"@type\":\"WebSite\",\"@id\":\"https:\/\/www.stachristiana.at\/tagesinternat-wiener-neustadt\/#website\",\"url\":\"https:\/\/www.stachristiana.at\/tagesinternat-wiener-neustadt\/\",\"name\":\"Sta. Christiana - Tagesinternat Wr. Neustadt\",\"description\":\"Sta. Christiana - Schulen zum Leben\",\"publisher\":{\"@id\":\"https:\/\/www.stachristiana.at\/tagesinternat-wiener-neustadt\/#organization\"},\"alternateName\":\"Tagesinternat Wr. Neustadt\",\"potentialAction\":[{\"@type\":\"SearchAction\",\"target\":{\"@type\":\"EntryPoint\",\"urlTemplate\":\"https:\/\/www.stachristiana.at\/tagesinternat-wiener-neustadt\/?s={search_term_string}\"},\"query-input\":{\"@type\":\"PropertyValueSpecification\",\"valueRequired\":true,\"valueName\":\"search_term_string\"}}],\"inLanguage\":\"de\"},{\"@type\":\"Organization\",\"@id\":\"https:\/\/www.stachristiana.at\/tagesinternat-wiener-neustadt\/#organization\",\"name\":\"Sta. Christiana - Tagesinternat Wr. Neustadt\",\"alternateName\":\"Tagesinternat Wiener Neustadt\",\"url\":\"https:\/\/www.stachristiana.at\/tagesinternat-wiener-neustadt\/\",\"logo\":{\"@type\":\"ImageObject\",\"inLanguage\":\"de\",\"@id\":\"https:\/\/www.stachristiana.at\/tagesinternat-wiener-neustadt\/#\/schema\/logo\/image\/\",\"url\":\"https:\/\/www.stachristiana.at\/app\/uploads\/sites\/12\/2022\/05\/logo-sta-christiana.png\",\"contentUrl\":\"https:\/\/www.stachristiana.at\/app\/uploads\/sites\/12\/2022\/05\/logo-sta-christiana.png\",\"width\":1200,\"height\":491,\"caption\":\"Sta. Christiana - Tagesinternat Wr. Neustadt\"},\"image\":{\"@id\":\"https:\/\/www.stachristiana.at\/tagesinternat-wiener-neustadt\/#\/schema\/logo\/image\/\"}}]}<\/script>\n<!-- \/ Yoast SEO plugin. -->","yoast_head_json":{"title":"Willkommen - Tagesinternat Wr. Neustadt","robots":{"index":"index","follow":"follow","max-snippet":"max-snippet:-1","max-image-preview":"max-image-preview:large","max-video-preview":"max-video-preview:-1"},"canonical":"http:\/\/www.sanctachristiana.at\/tagesinternat-wiener-neustadt\/","og_locale":"de_DE","og_type":"article","og_title":"Willkommen - Tagesinternat Wr. Neustadt","og_description":"Die Leiterin und die Sozialp\u00e4dagoginnen und Sozialp\u00e4dagogen des Tagesinternats begr\u00fc\u00dfen Sie recht herzlich. Auf diesen Seiten erhalten Sie alle n\u00f6tigen und aktuellen Informationen zum Schulalltag. \u00a0 Aktuelles","og_url":"http:\/\/www.sanctachristiana.at\/tagesinternat-wiener-neustadt\/","og_site_name":"Tagesinternat Wr. Neustadt","article_modified_time":"2022-11-01T17:52:00+00:00","og_image":[{"width":1200,"height":491,"url":"https:\/\/www.stachristiana.at\/app\/uploads\/sites\/12\/2022\/05\/logo-sta-christiana.png","type":"image\/png"}],"twitter_card":"summary_large_image","twitter_misc":{"Gesch\u00e4tzte Lesezeit":"1\u00a0Minute"},"schema":{"@context":"https:\/\/schema.org","@graph":[{"@type":"WebPage","@id":"http:\/\/www.sanctachristiana.at\/tagesinternat-wiener-neustadt\/","url":"http:\/\/www.sanctachristiana.at\/tagesinternat-wiener-neustadt\/","name":"Willkommen - Tagesinternat Wr. Neustadt","isPartOf":{"@id":"https:\/\/www.stachristiana.at\/tagesinternat-wiener-neustadt\/#website"},"datePublished":"2022-05-01T09:48:18+00:00","dateModified":"2022-11-01T17:52:00+00:00","breadcrumb":{"@id":"http:\/\/www.sanctachristiana.at\/tagesinternat-wiener-neustadt\/#breadcrumb"},"inLanguage":"de","potentialAction":[{"@type":"ReadAction","target":["http:\/\/www.sanctachristiana.at\/tagesinternat-wiener-neustadt\/"]}]},{"@type":"BreadcrumbList","@id":"http:\/\/www.sanctachristiana.at\/tagesinternat-wiener-neustadt\/#breadcrumb","itemListElement":[{"@type":"ListItem","position":1,"name":"Start","item":"https:\/\/www.stachristiana.at\/"},{"@type":"ListItem","position":2,"name":"Willkommen"}]},{"@type":"WebSite","@id":"https:\/\/www.stachristiana.at\/tagesinternat-wiener-neustadt\/#website","url":"https:\/\/www.stachristiana.at\/tagesinternat-wiener-neustadt\/","name":"Sta. Christiana - Tagesinternat Wr. Neustadt","description":"Sta. Christiana - Schulen zum Leben","publisher":{"@id":"https:\/\/www.stachristiana.at\/tagesinternat-wiener-neustadt\/#organization"},"alternateName":"Tagesinternat Wr. Neustadt","potentialAction":[{"@type":"SearchAction","target":{"@type":"EntryPoint","urlTemplate":"https:\/\/www.stachristiana.at\/tagesinternat-wiener-neustadt\/?s={search_term_string}"},"query-input":{"@type":"PropertyValueSpecification","valueRequired":true,"valueName":"search_term_string"}}],"inLanguage":"de"},{"@type":"Organization","@id":"https:\/\/www.stachristiana.at\/tagesinternat-wiener-neustadt\/#organization","name":"Sta. Christiana - Tagesinternat Wr. Neustadt","alternateName":"Tagesinternat Wiener Neustadt","url":"https:\/\/www.stachristiana.at\/tagesinternat-wiener-neustadt\/","logo":{"@type":"ImageObject","inLanguage":"de","@id":"https:\/\/www.stachristiana.at\/tagesinternat-wiener-neustadt\/#\/schema\/logo\/image\/","url":"https:\/\/www.stachristiana.at\/app\/uploads\/sites\/12\/2022\/05\/logo-sta-christiana.png","contentUrl":"https:\/\/www.stachristiana.at\/app\/uploads\/sites\/12\/2022\/05\/logo-sta-christiana.png","width":1200,"height":491,"caption":"Sta. Christiana - Tagesinternat Wr. Neustadt"},"image":{"@id":"https:\/\/www.stachristiana.at\/tagesinternat-wiener-neustadt\/#\/schema\/logo\/image\/"}}]}},"_links":{"self":[{"href":"https:\/\/www.stachristiana.at\/tagesinternat-wiener-neustadt\/wp-json\/wp\/v2\/pages\/17","targetHints":{"allow":["GET"]}}],"collection":[{"href":"https:\/\/www.stachristiana.at\/tagesinternat-wiener-neustadt\/wp-json\/wp\/v2\/pages"}],"about":[{"href":"https:\/\/www.stachristiana.at\/tagesinternat-wiener-neustadt\/wp-json\/wp\/v2\/types\/page"}],"author":[{"embeddable":true,"href":"https:\/\/www.stachristiana.at\/tagesinternat-wiener-neustadt\/wp-json\/wp\/v2\/users\/1"}],"replies":[{"embeddable":true,"href":"https:\/\/www.stachristiana.at\/tagesinternat-wiener-neustadt\/wp-json\/wp\/v2\/comments?post=17"}],"version-history":[{"count":40,"href":"https:\/\/www.stachristiana.at\/tagesinternat-wiener-neustadt\/wp-json\/wp\/v2\/pages\/17\/revisions"}],"predecessor-version":[{"id":576,"href":"https:\/\/www.stachristiana.at\/tagesinternat-wiener-neustadt\/wp-json\/wp\/v2\/pages\/17\/revisions\/576"}],"wp:attachment":[{"href":"https:\/\/www.stachristiana.at\/tagesinternat-wiener-neustadt\/wp-json\/wp\/v2\/media?parent=17"}],"curies":[{"name":"wp","href":"https:\/\/api.w.org\/{rel}","templated":true}]}}